{"id":644,"date":"2023-02-13T06:31:50","date_gmt":"2023-02-13T06:31:50","guid":{"rendered":"https:\/\/zip42lab.com\/lcq\/?page_id=644"},"modified":"2023-02-27T13:49:15","modified_gmt":"2023-02-27T13:49:15","slug":"ace-workshop","status":"publish","type":"page","link":"https:\/\/www.leadershipcq.com\/fr\/ace-workshop\/","title":{"rendered":"Ateliers ACE"},"content":{"rendered":"<p>[et_pb_section fb_built=&#8221;1&#8243; admin_label=&#8221;Feature Section&#8221; _builder_version=&#8221;4.19.5&#8243; background_enable_color=&#8221;off&#8221; background_enable_image=&#8221;off&#8221; custom_padding=&#8221;22px||13px||false|false&#8221; global_colors_info=&#8221;{}&#8221;][et_pb_row column_structure=&#8221;2_3,1_3&#8243; make_equal=&#8221;on&#8221; _builder_version=&#8221;4.19.5&#8243; _module_preset=&#8221;default&#8221; custom_padding=&#8221;14px||12px|||&#8221; global_colors_info=&#8221;{}&#8221;][et_pb_column type=&#8221;2_3&#8243; _builder_version=&#8221;4.19.5&#8243; _module_preset=&#8221;default&#8221; global_colors_info=&#8221;{}&#8221;][et_pb_text _builder_version=&#8221;4.20.0&#8243; _module_preset=&#8221;default&#8221; header_2_text_color=&#8221;#f27b13&#8243; custom_padding=&#8221;20px||||false|false&#8221; global_colors_info=&#8221;{}&#8221;]<\/p>\n<div class=\"workshop\">\n<h5>Comment<\/h5>\n<h1>AS<\/h1>\n<h2>Diversit\u00e9 et inclusion<\/h2>\n<\/div>\n<p>[\/et_pb_text][\/et_pb_column][et_pb_column type=&#8221;1_3&#8243; _builder_version=&#8221;4.19.5&#8243; _module_preset=&#8221;default&#8221; global_colors_info=&#8221;{}&#8221;][et_pb_image src=&#8221;https:\/\/zip42lab.com\/lcq-new\/wp-content\/uploads\/2023\/02\/oie_NitTrOtO3iKo.png&#8221; title_text=&#8221;oie_NitTrOtO3iKo&#8221; show_bottom_space=&#8221;off&#8221; _builder_version=&#8221;4.19.5&#8243; _module_preset=&#8221;default&#8221; global_colors_info=&#8221;{}&#8221;][\/et_pb_image][\/et_pb_column][\/et_pb_row][et_pb_row make_equal=&#8221;on&#8221; _builder_version=&#8221;4.19.5&#8243; _module_preset=&#8221;default&#8221; custom_padding=&#8221;14px||12px|||&#8221; global_colors_info=&#8221;{}&#8221;][et_pb_column type=&#8221;4_4&#8243; _builder_version=&#8221;4.19.5&#8243; _module_preset=&#8221;default&#8221; global_colors_info=&#8221;{}&#8221;][et_pb_text _builder_version=&#8221;4.20.0&#8243; _module_preset=&#8221;default&#8221; text_text_color=&#8221;#000000&#8243; global_colors_info=&#8221;{}&#8221;]<\/p>\n<div class=\"diversitytext\">\n<p><span style=\"font-weight: bolder;\">La diversit\u00e9 et l&#8217;inclusion<\/span>  sont l&#8217;un des sujets les plus br\u00fblants du monde de l&#8217;entreprise d&#8217;aujourd&#8217;hui, mais ce n&#8217;est pas facile. La recherche en neurosciences montre que nos cerveaux ne sont pas c\u00e2bl\u00e9s pour D&#038;I. Ils sont c\u00e2bl\u00e9s pour ne pas aimer les diff\u00e9rences, mettre les gens dans des cases et s&#8217;en tenir aux vieilles habitudes. Un \u00e9tat d&#8217;esprit intr\u00e9pide est sans aucun doute la cl\u00e9 du succ\u00e8s de la D&#038;I dans toute organisation et pourtant nous commen\u00e7ons tous \u00e0 avoir peur de quoi dire ou quoi faire\u2026<\/p>\n<p>Cette formation est con\u00e7ue pour aider les chefs d&#8217;entreprise tourn\u00e9s vers l&#8217;avenir \u00e0 obtenir un impact imm\u00e9diat et durable sur la diversit\u00e9, l&#8217;\u00e9quit\u00e9 et l&#8217;inclusion en \u00e9largissant leur intelligence interculturelle. Selon un participant senior, &#8220;plus qu&#8217;une formation, cet atelier est un voyage \u00e0 travers un profond changement d&#8217;\u00e9tat d&#8217;esprit&#8221;.<\/p>\n<p>Rejoignez d&#8217;autres cadres de divers secteurs et, ensemble, lib\u00e9rons le pouvoir de nos diverses \u00e9quipes gr\u00e2ce \u00e0 l&#8217;inclusion !<\/p>\n<\/div>\n<p>[\/et_pb_text][\/et_pb_column][\/et_pb_row][\/et_pb_section][et_pb_section fb_built=&#8221;1&#8243; admin_label=&#8221;Feature Section&#8221; _builder_version=&#8221;4.19.5&#8243; background_enable_color=&#8221;off&#8221; background_enable_image=&#8221;off&#8221; custom_padding=&#8221;13px||||false|false&#8221; global_colors_info=&#8221;{}&#8221;][et_pb_row make_equal=&#8221;on&#8221; custom_padding_last_edited=&#8221;on|phone&#8221; _builder_version=&#8221;4.20.0&#8243; _module_preset=&#8221;default&#8221; custom_padding=&#8221;14px|||||&#8221; custom_padding_tablet=&#8221;14px|||||&#8221; custom_padding_phone=&#8221;0px||7px||false|false&#8221; global_colors_info=&#8221;{}&#8221;][et_pb_column type=&#8221;4_4&#8243; _builder_version=&#8221;4.19.5&#8243; _module_preset=&#8221;default&#8221; global_colors_info=&#8221;{}&#8221;][et_pb_text _builder_version=&#8221;4.20.0&#8243; _module_preset=&#8221;default&#8221; header_2_font=&#8221;||||||||&#8221; header_2_text_align=&#8221;center&#8221; header_2_text_color=&#8221;#000000&#8243; header_2_font_size=&#8221;46px&#8221; custom_margin=&#8221;||-5px|||&#8221; header_2_font_size_tablet=&#8221;46px&#8221; header_2_font_size_phone=&#8221;23px&#8221; header_2_font_size_last_edited=&#8221;on|phone&#8221; header_2_line_height_tablet=&#8221;&#8221; header_2_line_height_phone=&#8221;1.4em&#8221; header_2_line_height_last_edited=&#8221;on|phone&#8221; global_colors_info=&#8221;{}&#8221;]<\/p>\n<h2>3, 10, 17 et 24 mars 2022<\/h2>\n<h2>En direct en ligne \/ 14h00 \u2013 18h00 CET<\/h2>\n<p>[\/et_pb_text][\/et_pb_column][\/et_pb_row][et_pb_row _builder_version=&#8221;4.19.5&#8243; _module_preset=&#8221;default&#8221; custom_padding=&#8221;10px|||||&#8221; global_colors_info=&#8221;{}&#8221;][et_pb_column type=&#8221;4_4&#8243; _builder_version=&#8221;4.19.5&#8243; _module_preset=&#8221;default&#8221; global_colors_info=&#8221;{}&#8221;][et_pb_text _builder_version=&#8221;4.20.0&#8243; _module_preset=&#8221;default&#8221; header_text_align=&#8221;center&#8221; text_orientation=&#8221;center&#8221; global_colors_info=&#8221;{}&#8221;]<\/p>\n<div class=\"navi_gramr\">UNE NOUVELLE GRAMMAIRE POUR<br \/>\n<span>ACTIVER LE POTENTIEL DE LA DIVERSIT\u00c9 PAR L&#8217;INCLUSION<\/span><br \/>\nEN 3 \u00c9TAPES FACILES<\/div>\n<p>[\/et_pb_text][et_pb_button button_url=&#8221;https:\/\/share.hsforms.com\/1wJQQxstsRaSxBQtYZYra6wbod4t&#8221; url_new_window=&#8221;on&#8221; button_text=&#8221;INSCRIVEZ-VOUS ICI&#8221; button_alignment=&#8221;center&#8221; module_class=&#8221;navi_gramrbtn&#8221; _builder_version=&#8221;4.20.0&#8243; _module_preset=&#8221;default&#8221; custom_button=&#8221;on&#8221; button_text_color=&#8221;#FFFFFF&#8221; button_bg_color=&#8221;#f27b13&#8243; button_use_icon=&#8221;off&#8221; global_colors_info=&#8221;{}&#8221;][\/et_pb_button][et_pb_image src=&#8221;https:\/\/zip42lab.com\/lcq-new\/wp-content\/uploads\/2023\/02\/arrow.a8b.png&#8221; title_text=&#8221;arrow.a8b&#8221; align=&#8221;center&#8221; _builder_version=&#8221;4.19.5&#8243; _module_preset=&#8221;default&#8221; custom_padding=&#8221;34px||||false|false&#8221; global_colors_info=&#8221;{}&#8221;][\/et_pb_image][\/et_pb_column][\/et_pb_row][\/et_pb_section][et_pb_section fb_built=&#8221;1&#8243; admin_label=&#8221;CTA Section&#8221; _builder_version=&#8221;4.19.5&#8243; background_color=&#8221;#605e5e&#8221; custom_padding=&#8221;36px||40px||false|false&#8221; global_colors_info=&#8221;{}&#8221;][et_pb_row admin_label=&#8221;CTA Area&#8221; _builder_version=&#8221;4.16&#8243; custom_padding=&#8221;0px||0px|&#8221; global_colors_info=&#8221;{}&#8221;][et_pb_column type=&#8221;4_4&#8243; _builder_version=&#8221;4.16&#8243; custom_padding=&#8221;|||&#8221; global_colors_info=&#8221;{}&#8221; custom_padding__hover=&#8221;|||&#8221;][et_pb_text _builder_version=&#8221;4.20.0&#8243; text_font=&#8221;||||||||&#8221; text_text_color=&#8221;#000000&#8243; text_line_height=&#8221;1.5em&#8221; link_font=&#8221;Open Sans||||||||&#8221; link_text_color=&#8221;#0099e5&#8243; link_font_size=&#8221;18px&#8221; header_2_text_color=&#8221;#FFFFFF&#8221; module_alignment=&#8221;center&#8221; custom_margin=&#8221;|||&#8221; custom_padding=&#8221;|||&#8221; global_colors_info=&#8221;{}&#8221;]<\/p>\n<div class=\"para\">\n<h2>OBJECTIFS DE FORMATION<\/h2>\n<\/div>\n<div class=\"take\">\n<p>Dans ce programme de formation pratique hautement interactif, nous utiliserons une approche bas\u00e9e sur les probl\u00e8mes combin\u00e9e \u00e0 des techniques th\u00e9\u00e2trales pour aborder les tensions professionnelles r\u00e9elles qui peuvent survenir entre des personnes d&#8217;horizons divers.<\/p>\n<p>\u00c0 la fin du programme de formation, les participants devraient \u00eatre capables de :<\/p>\n<ol>\n<li><font style=\"vertical-align: inherit;\"><font style=\"vertical-align: inherit;\">D\u00e9tectez les diff\u00e9rences culturelles, anticipez les d\u00e9saccords et identifiez avec pr\u00e9cision les \u00e9motions n\u00e9gatives lorsqu&#8217;elles \u00e9mergent.<\/font><\/font><\/li>\n<li><font style=\"vertical-align: inherit;\"><font style=\"vertical-align: inherit;\">Comprendre les causes profondes de la tension et ses principales parties prenantes influentes, gr\u00e2ce \u00e0 des techniques favorisant l&#8217;inclusion.<\/font><\/font><\/li>\n<li><font style=\"vertical-align: inherit;\"><font style=\"vertical-align: inherit;\">R\u00e9duisez la tension, cr\u00e9ez la confiance et am\u00e9liorez les relations entre les diff\u00e9rentes parties.<\/font><\/font><\/li>\n<li><font style=\"vertical-align: inherit;\"><font style=\"vertical-align: inherit;\">Sugg\u00e9rez des r\u00e9solutions efficaces qui maximisent les int\u00e9r\u00eats et la satisfaction de toutes les parties.<\/font><\/font><\/li>\n<\/ol>\n<\/div>\n<p>[\/et_pb_text][\/et_pb_column][\/et_pb_row][\/et_pb_section][et_pb_section fb_built=&#8221;1&#8243; admin_label=&#8221;CTA Section&#8221; _builder_version=&#8221;4.19.5&#8243; background_enable_color=&#8221;off&#8221; custom_padding=&#8221;36px||40px||false|false&#8221; global_colors_info=&#8221;{}&#8221;][et_pb_row admin_label=&#8221;CTA Area&#8221; _builder_version=&#8221;4.16&#8243; custom_padding=&#8221;0px||0px|&#8221; global_colors_info=&#8221;{}&#8221;][et_pb_column type=&#8221;4_4&#8243; _builder_version=&#8221;4.16&#8243; custom_padding=&#8221;|||&#8221; global_colors_info=&#8221;{}&#8221; custom_padding__hover=&#8221;|||&#8221;][et_pb_text _builder_version=&#8221;4.20.0&#8243; text_font=&#8221;||||||||&#8221; text_text_color=&#8221;#000000&#8243; text_line_height=&#8221;1.5em&#8221; link_font=&#8221;Open Sans||||||||&#8221; link_text_color=&#8221;#0099e5&#8243; link_font_size=&#8221;18px&#8221; header_2_text_color=&#8221;#f27b13&#8243; module_alignment=&#8221;center&#8221; custom_margin=&#8221;|||&#8221; custom_padding=&#8221;|||&#8221; global_colors_info=&#8221;{}&#8221;]<\/p>\n<div class=\"para\">\n<h2>RESSOURCES<\/h2>\n<\/div>\n<div class=\"navi_resorce\">\n<h3>Le mat\u00e9riel des participants comprend :<\/h3>\n<ul>\n<li><font style=\"vertical-align: inherit;\"><font style=\"vertical-align: inherit;\">Le guide du participant ACE<\/font><\/font><\/li>\n<li><font style=\"vertical-align: inherit;\"><font style=\"vertical-align: inherit;\">Votre journal d&#8217;apprentissage personnel pour enregistrer les r\u00e9flexions pendant la formation et entre les sessions<\/font><\/font><\/li>\n<li><font style=\"vertical-align: inherit;\"><font style=\"vertical-align: inherit;\">Un guide de r\u00e9solution d&#8217;\u00e9tudes de cas<\/font><\/font><\/li>\n<li><font style=\"vertical-align: inherit;\"><font style=\"vertical-align: inherit;\">Le livre de Vanessa Barros, Don&#8217;t Mess With My Professionalism !<\/font><\/font><\/li>\n<\/ul>\n<\/div>\n<p>[\/et_pb_text][\/et_pb_column][\/et_pb_row][\/et_pb_section][et_pb_section fb_built=&#8221;1&#8243; admin_label=&#8221;CTA Section&#8221; _builder_version=&#8221;4.19.5&#8243; background_color=&#8221;#605e5e&#8221; custom_padding=&#8221;36px||40px||false|false&#8221; global_colors_info=&#8221;{}&#8221;][et_pb_row admin_label=&#8221;CTA Area&#8221; _builder_version=&#8221;4.16&#8243; custom_padding=&#8221;0px||0px|&#8221; global_colors_info=&#8221;{}&#8221;][et_pb_column type=&#8221;4_4&#8243; _builder_version=&#8221;4.16&#8243; custom_padding=&#8221;|||&#8221; global_colors_info=&#8221;{}&#8221; custom_padding__hover=&#8221;|||&#8221;][et_pb_text _builder_version=&#8221;4.20.0&#8243; text_font=&#8221;||||||||&#8221; text_text_color=&#8221;#000000&#8243; text_line_height=&#8221;1.5em&#8221; link_font=&#8221;Open Sans||||||||&#8221; link_text_color=&#8221;#0099e5&#8243; link_font_size=&#8221;18px&#8221; header_2_text_color=&#8221;#FFFFFF&#8221; module_alignment=&#8221;center&#8221; custom_margin=&#8221;|||&#8221; custom_padding=&#8221;|||&#8221; global_colors_info=&#8221;{}&#8221;]<\/p>\n<div class=\"para\">\n<h2>INSCRIPTION<\/h2>\n<\/div>\n<div class=\"take\">\n<h6>La date limite d&#8217;inscription est le 01 mars 2022<\/h6>\n<h6>Frais de participation : 1.650,00 EUR<\/h6>\n<h6>Temps estim\u00e9 pour la r\u00e9alisation :<\/h6>\n<ol>\n<li><font style=\"vertical-align: inherit;\"><font style=\"vertical-align: inherit;\">4 heures de pr\u00e9paration<\/font><\/font><\/li>\n<li><font style=\"vertical-align: inherit;\"><font style=\"vertical-align: inherit;\">16 heures d&#8217;ateliers en ligne en direct<\/font><\/font><\/li>\n<li><font style=\"vertical-align: inherit;\"><font style=\"vertical-align: inherit;\">Total&nbsp;: 20&nbsp;heures<\/font><\/font><\/li>\n<\/ol>\n<\/div>\n<p>[\/et_pb_text][\/et_pb_column][\/et_pb_row][\/et_pb_section][et_pb_section fb_built=&#8221;1&#8243; admin_label=&#8221;CTA Section&#8221; _builder_version=&#8221;4.19.5&#8243; background_enable_color=&#8221;off&#8221; custom_padding=&#8221;36px||9px||false|false&#8221; global_colors_info=&#8221;{}&#8221;][et_pb_row admin_label=&#8221;CTA Area&#8221; _builder_version=&#8221;4.16&#8243; custom_padding=&#8221;0px||0px|&#8221; global_colors_info=&#8221;{}&#8221;][et_pb_column type=&#8221;4_4&#8243; _builder_version=&#8221;4.16&#8243; custom_padding=&#8221;|||&#8221; global_colors_info=&#8221;{}&#8221; custom_padding__hover=&#8221;|||&#8221;][et_pb_text _builder_version=&#8221;4.20.0&#8243; text_font=&#8221;||||||||&#8221; text_text_color=&#8221;#000000&#8243; text_line_height=&#8221;1.5em&#8221; link_font=&#8221;Open Sans||||||||&#8221; link_text_color=&#8221;#0099e5&#8243; link_font_size=&#8221;18px&#8221; header_2_text_color=&#8221;#f27b13&#8243; module_alignment=&#8221;center&#8221; custom_margin=&#8221;|||&#8221; custom_padding=&#8221;|||&#8221; global_colors_info=&#8221;{}&#8221;]<\/p>\n<div class=\"para\">\n<h2>M\u00c9THODOLOGIE D&#8217;APPRENTISSAGE<\/h2>\n<\/div>\n<div class=\"navi_subhdng\">\n<p>Chaque session suivra les quatre \u00e9tapes de la m\u00e9thodologie d&#8217;apprentissage par l&#8217;exp\u00e9rience de David Kolb<\/p>\n<\/div>\n<p>[\/et_pb_text][et_pb_image src=&#8221;https:\/\/zip42lab.com\/lcq-new\/wp-content\/uploads\/2023\/02\/methology.2.png&#8221; title_text=&#8221;methology.2&#8243; align=&#8221;center&#8221; _builder_version=&#8221;4.19.5&#8243; _module_preset=&#8221;default&#8221; global_colors_info=&#8221;{}&#8221;][\/et_pb_image][\/et_pb_column][\/et_pb_row][\/et_pb_section][et_pb_section fb_built=&#8221;1&#8243; admin_label=&#8221;Feature Section&#8221; _builder_version=&#8221;4.19.5&#8243; background_enable_color=&#8221;off&#8221; background_enable_image=&#8221;off&#8221; custom_padding=&#8221;10px||10px||false|false&#8221; global_colors_info=&#8221;{}&#8221;][et_pb_row make_equal=&#8221;on&#8221; _builder_version=&#8221;4.19.5&#8243; _module_preset=&#8221;default&#8221; custom_padding=&#8221;18px|||||&#8221; global_colors_info=&#8221;{}&#8221;][et_pb_column type=&#8221;4_4&#8243; _builder_version=&#8221;4.19.5&#8243; _module_preset=&#8221;default&#8221; global_colors_info=&#8221;{}&#8221;][et_pb_text _builder_version=&#8221;4.20.0&#8243; _module_preset=&#8221;default&#8221; header_2_font=&#8221;||||||||&#8221; header_2_text_align=&#8221;center&#8221; header_2_text_color=&#8221;#f27b13&#8243; header_2_font_size=&#8221;46px&#8221; header_2_font_size_tablet=&#8221;46px&#8221; header_2_font_size_phone=&#8221;32px&#8221; header_2_font_size_last_edited=&#8221;on|phone&#8221; global_colors_info=&#8221;{}&#8221;]<\/p>\n<h2>CLIENTS<\/h2>\n<p>[\/et_pb_text][et_pb_image src=&#8221;https:\/\/zip42lab.com\/lcq-new\/wp-content\/uploads\/2023\/02\/grouptwo.d.png&#8221; title_text=&#8221;grouptwo.d&#8221; align=&#8221;center&#8221; _builder_version=&#8221;4.19.5&#8243; _module_preset=&#8221;default&#8221; width=&#8221;70%&#8221; width_tablet=&#8221;70%&#8221; width_phone=&#8221;100%&#8221; width_last_edited=&#8221;on|phone&#8221; global_colors_info=&#8221;{}&#8221;][\/et_pb_image][et_pb_image src=&#8221;https:\/\/zip42lab.com\/lcq-new\/wp-content\/uploads\/2023\/02\/groupone.bf97.png&#8221; title_text=&#8221;groupone.bf97&#8243; align=&#8221;center&#8221; _builder_version=&#8221;4.20.0&#8243; _module_preset=&#8221;default&#8221; width=&#8221;70%&#8221; width_tablet=&#8221;70%&#8221; width_phone=&#8221;100%&#8221; width_last_edited=&#8221;on|phone&#8221; global_colors_info=&#8221;{}&#8221;][\/et_pb_image][\/et_pb_column][\/et_pb_row][et_pb_row custom_padding_last_edited=&#8221;on|phone&#8221; _builder_version=&#8221;4.20.0&#8243; _module_preset=&#8221;default&#8221; custom_padding=&#8221;76px|||||&#8221; custom_padding_tablet=&#8221;76px|||||&#8221; custom_padding_phone=&#8221;30px||0px||false|false&#8221; global_colors_info=&#8221;{}&#8221;][et_pb_column type=&#8221;4_4&#8243; _builder_version=&#8221;4.19.5&#8243; _module_preset=&#8221;default&#8221; global_colors_info=&#8221;{}&#8221;][et_pb_text _builder_version=&#8221;4.20.0&#8243; _module_preset=&#8221;default&#8221; header_2_font=&#8221;||||||||&#8221; header_2_text_align=&#8221;center&#8221; header_2_text_color=&#8221;#f27b13&#8243; header_2_font_size=&#8221;46px&#8221; header_2_line_height=&#8221;1.1em&#8221; header_2_font_size_tablet=&#8221;46px&#8221; header_2_font_size_phone=&#8221;32px&#8221; header_2_font_size_last_edited=&#8221;on|phone&#8221; header_2_line_height_tablet=&#8221;1.1em&#8221; header_2_line_height_phone=&#8221;1.4em&#8221; header_2_line_height_last_edited=&#8221;on|phone&#8221; global_colors_info=&#8221;{}&#8221;]<\/p>\n<h2>FORMATEURS EX\u00c9CUTIFS<\/h2>\n<p>[\/et_pb_text][\/et_pb_column][\/et_pb_row][\/et_pb_section][et_pb_section fb_built=&#8221;1&#8243; admin_label=&#8221;CTA Section&#8221; _builder_version=&#8221;4.19.5&#8243; background_color=&#8221;#7c7c7c&#8221; custom_padding=&#8221;50px||40px||false|false&#8221; global_colors_info=&#8221;{}&#8221;][et_pb_row column_structure=&#8221;1_2,1_2&#8243; admin_label=&#8221;CTA Area&#8221; _builder_version=&#8221;4.19.5&#8243; custom_padding=&#8221;0px||0px|&#8221; global_colors_info=&#8221;{}&#8221;][et_pb_column type=&#8221;1_2&#8243; _builder_version=&#8221;4.19.5&#8243; custom_padding=&#8221;|||&#8221; global_colors_info=&#8221;{}&#8221; custom_padding__hover=&#8221;|||&#8221;][et_pb_blurb title=&#8221;Vanessa Barros, PhD&#8221; image=&#8221;https:\/\/zip42lab.com\/lcq-new\/wp-content\/uploads\/2023\/02\/traineeone.d.png&#8221; module_class=&#8221;ourteamm&#8221; _builder_version=&#8221;4.20.0&#8243; _module_preset=&#8221;default&#8221; text_orientation=&#8221;center&#8221; hover_enabled=&#8221;0&#8243; global_colors_info=&#8221;{}&#8221; sticky_enabled=&#8221;0&#8243;]<a href=\"https:\/\/zip42lab.com\/lcq-new-fr\/who\/\" target=\"_blank\" rel=\"noopener\">Vanessa Barros, PhD<\/a>[\/et_pb_blurb][\/et_pb_column][et_pb_column type=&#8221;1_2&#8243; _builder_version=&#8221;4.16&#8243; custom_padding=&#8221;|||&#8221; global_colors_info=&#8221;{}&#8221; custom_padding__hover=&#8221;|||&#8221;][et_pb_blurb title=&#8221;Am\u00e9lie Devaux&#8221; image=&#8221;https:\/\/zip42lab.com\/lcq-new\/wp-content\/uploads\/2023\/02\/traineetwo.8.png&#8221; module_class=&#8221;ourteamm&#8221; _builder_version=&#8221;4.20.0&#8243; _module_preset=&#8221;default&#8221; text_orientation=&#8221;center&#8221; hover_enabled=&#8221;0&#8243; global_colors_info=&#8221;{}&#8221; sticky_enabled=&#8221;0&#8243;]<a href=\"https:\/\/zip42lab.com\/lcq-new-fr\/who\/\" target=\"_blank\" rel=\"noopener\">Read Am\u00e9lie Devaux&#8217;s Bio<\/a>[\/et_pb_blurb][\/et_pb_column][\/et_pb_row][\/et_pb_section]<\/p>\n","protected":false},"excerpt":{"rendered":"<p>Comment AS Diversit\u00e9 et inclusion La diversit\u00e9 et l&#8217;inclusion sont l&#8217;un des sujets les plus br\u00fblants du monde de l&#8217;entreprise d&#8217;aujourd&#8217;hui, mais ce n&#8217;est pas facile. La recherche en neurosciences montre que nos cerveaux ne sont pas c\u00e2bl\u00e9s pour D&#038;I. Ils sont c\u00e2bl\u00e9s pour ne pas aimer les diff\u00e9rences, mettre les gens dans des cases [&hellip;]<\/p>\n","protected":false},"author":1,"featured_media":0,"parent":0,"menu_order":0,"comment_status":"closed","ping_status":"closed","template":"","meta":{"_et_pb_use_builder":"on","_et_pb_old_content":"<!-- wp:divi\/placeholder \/-->","_et_gb_content_width":"","footnotes":""},"class_list":["post-644","page","type-page","status-publish","hentry"],"_links":{"self":[{"href":"https:\/\/www.leadershipcq.com\/fr\/wp-json\/wp\/v2\/pages\/644","targetHints":{"allow":["GET"]}}],"collection":[{"href":"https:\/\/www.leadershipcq.com\/fr\/wp-json\/wp\/v2\/pages"}],"about":[{"href":"https:\/\/www.leadershipcq.com\/fr\/wp-json\/wp\/v2\/types\/page"}],"author":[{"embeddable":true,"href":"https:\/\/www.leadershipcq.com\/fr\/wp-json\/wp\/v2\/users\/1"}],"replies":[{"embeddable":true,"href":"https:\/\/www.leadershipcq.com\/fr\/wp-json\/wp\/v2\/comments?post=644"}],"version-history":[{"count":34,"href":"https:\/\/www.leadershipcq.com\/fr\/wp-json\/wp\/v2\/pages\/644\/revisions"}],"predecessor-version":[{"id":1490,"href":"https:\/\/www.leadershipcq.com\/fr\/wp-json\/wp\/v2\/pages\/644\/revisions\/1490"}],"wp:attachment":[{"href":"https:\/\/www.leadershipcq.com\/fr\/wp-json\/wp\/v2\/media?parent=644"}],"curies":[{"name":"wp","href":"https:\/\/api.w.org\/{rel}","templated":true}]}}