{"id":599,"date":"2023-02-10T11:59:17","date_gmt":"2023-02-10T11:59:17","guid":{"rendered":"https:\/\/zip42lab.com\/lcq\/?page_id=599"},"modified":"2023-02-27T13:09:54","modified_gmt":"2023-02-27T13:09:54","slug":"thought-leadership","status":"publish","type":"page","link":"https:\/\/www.leadershipcq.com\/fr\/thought-leadership\/","title":{"rendered":"Thought Leadership"},"content":{"rendered":"<p>[et_pb_section fb_built=&#8221;1&#8243; admin_label=&#8221;Feature Section&#8221; _builder_version=&#8221;4.19.5&#8243; background_enable_color=&#8221;off&#8221; background_enable_image=&#8221;off&#8221; custom_padding=&#8221;22px||13px||false|false&#8221; global_colors_info=&#8221;{}&#8221;][et_pb_row column_structure=&#8221;2_3,1_3&#8243; make_equal=&#8221;on&#8221; _builder_version=&#8221;4.19.5&#8243; _module_preset=&#8221;default&#8221; custom_margin=&#8221;-4px|auto||auto||&#8221; custom_padding=&#8221;18px||4px|||&#8221; animation_style=&#8221;slide&#8221; animation_direction=&#8221;right&#8221; global_colors_info=&#8221;{}&#8221;][et_pb_column type=&#8221;2_3&#8243; module_class=&#8221;navihm_why&#8221; _builder_version=&#8221;4.19.5&#8243; _module_preset=&#8221;default&#8221; global_colors_info=&#8221;{}&#8221;][et_pb_text _builder_version=&#8221;4.20.0&#8243; _module_preset=&#8221;default&#8221; text_text_color=&#8221;#000000&#8243; hover_enabled=&#8221;0&#8243; global_colors_info=&#8221;{}&#8221; sticky_enabled=&#8221;0&#8243;]<\/p>\n<h1>LEADERSHIP PENS\u00c9 : MASTERCLASS ET CONF\u00c9RENCES<\/h1>\n<p>[\/et_pb_text][\/et_pb_column][et_pb_column type=&#8221;1_3&#8243; _builder_version=&#8221;4.19.5&#8243; _module_preset=&#8221;default&#8221; global_colors_info=&#8221;{}&#8221;][et_pb_image src=&#8221;https:\/\/zip42lab.com\/lcq-new\/wp-content\/uploads\/2023\/02\/oie_r3R9aQOnSmMG.png&#8221; title_text=&#8221;oie_r3R9aQOnSmMG&#8221; align=&#8221;center&#8221; _builder_version=&#8221;4.19.5&#8243; _module_preset=&#8221;default&#8221; custom_padding=&#8221;8px|||||&#8221; global_colors_info=&#8221;{}&#8221;][\/et_pb_image][\/et_pb_column][\/et_pb_row][\/et_pb_section][et_pb_section fb_built=&#8221;1&#8243; admin_label=&#8221;Feature Section&#8221; _builder_version=&#8221;4.19.5&#8243; background_enable_color=&#8221;off&#8221; background_enable_image=&#8221;off&#8221; custom_margin=&#8221;-5px|||||&#8221; custom_padding=&#8221;9px||13px||false|false&#8221; global_colors_info=&#8221;{}&#8221;][et_pb_row make_equal=&#8221;on&#8221; _builder_version=&#8221;4.19.5&#8243; _module_preset=&#8221;default&#8221; custom_padding=&#8221;14px||12px|||&#8221; animation_style=&#8221;slide&#8221; global_colors_info=&#8221;{}&#8221;][et_pb_column type=&#8221;4_4&#8243; _builder_version=&#8221;4.19.5&#8243; _module_preset=&#8221;default&#8221; global_colors_info=&#8221;{}&#8221;][et_pb_text _builder_version=&#8221;4.20.0&#8243; _module_preset=&#8221;default&#8221; text_text_color=&#8221;#000000&#8243; hover_enabled=&#8221;0&#8243; global_colors_info=&#8221;{}&#8221; sticky_enabled=&#8221;0&#8243;]<\/p>\n<div class=\"findMore\">\n<h3><font style=\"vertical-align: inherit;\"><font style=\"vertical-align: inherit;\" class=\"\">&#038;ZeroWidthSpace;Objectifs<\/font><\/font><\/h3>\n<p><font style=\"vertical-align: inherit;\"><font style=\"vertical-align: inherit;\">Trois conf\u00e9rences interactives de 90 minutes anim\u00e9es par Vanessa Barros en collaboration avec des conf\u00e9renciers experts. <\/font><\/font><br \/><font style=\"vertical-align: inherit;\"><font style=\"vertical-align: inherit;\"><br \/>\nLes objectifs de ces conf\u00e9rences sont de sensibiliser les participants aux avantages de la diversit\u00e9 et de l&#8217;inclusion et de les aider \u00e0 remettre en question et \u00e0 \u00e9tendre leur impact concret sur leur environnement avec un changement de mentalit\u00e9, des strat\u00e9gies concr\u00e8tes et des applications pratiques.<\/font><\/font><\/p>\n<h3><font style=\"vertical-align: inherit;\"><font style=\"vertical-align: inherit;\">Public cible<\/font><\/font><\/h3>\n<p><font style=\"vertical-align: inherit;\"><font style=\"vertical-align: inherit;\">Les gestionnaires qui souhaitent avoir un impact positif et durable sur la soci\u00e9t\u00e9 nouvellement form\u00e9e gr\u00e2ce \u00e0 une meilleure compr\u00e9hension de la diversit\u00e9 et de l&#8217;inclusion.<\/font><\/font><\/p>\n<h2><font style=\"vertical-align: inherit;\"><font style=\"vertical-align: inherit;\">Contenu<\/font><\/font><\/h2>\n<h3><font style=\"vertical-align: inherit;\"><font style=\"vertical-align: inherit;\">Conf\u00e9rence #1 : Diversit\u00e9 et Inclusion<\/font><\/font><\/h3>\n<ul>\n<li><font style=\"vertical-align: inherit;\"><font style=\"vertical-align: inherit;\">5 min \u2013 Le chef d&#8217;\u00e9quipe pr\u00e9sente l&#8217;auteur Dr Vanessa Barros, Am\u00e9lie Devaux et la masterclass.<\/font><\/font><\/li>\n<li><font style=\"vertical-align: inherit;\"><font style=\"vertical-align: inherit;\">50 min \u2013 Pr\u00e9sentation par les animateurs introduisant la richesse de la diversit\u00e9 et la n\u00e9cessit\u00e9 de l&#8217;inclusion pour profiter de son plein potentiel. <\/font><font style=\"vertical-align: inherit;\">Pr\u00e9sentation de la fa\u00e7on dont notre cerveau \u00ab&nbsp;narratif&nbsp;\u00bb est c\u00e2bl\u00e9 pour craindre tout ce qui est diff\u00e9rent et comment nous devons pratiquer notre cerveau \u00ab&nbsp;d&#8217;exp\u00e9rience&nbsp;\u00bb pour \u00e9viter les st\u00e9r\u00e9otypes, le jugement et les pr\u00e9jug\u00e9s. <\/font><font style=\"vertical-align: inherit;\">Si nous n&#8217;incluons pas d\u00e9lib\u00e9r\u00e9ment, nous excluons accidentellement. <\/font><font style=\"vertical-align: inherit;\">Introduction \u00e0 des outils simples et inclusifs pour g\u00e9rer harmonieusement la diversit\u00e9. <\/font><font style=\"vertical-align: inherit;\">Nous aimerions utiliser menti.com comme outil d&#8217;interaction.<\/font><\/font><\/li>\n<li><font style=\"vertical-align: inherit;\"><font style=\"vertical-align: inherit;\">30 min \u2013 Q&amp;A \u2013 Interaction avec les participants sur leurs exp\u00e9riences et leurs id\u00e9es.<\/font><\/font><\/li>\n<li><font style=\"vertical-align: inherit;\"><font style=\"vertical-align: inherit;\">5 min \u2013 Remarques de cl\u00f4ture du chef d&#8217;\u00e9quipe.<\/font><\/font><\/li>\n<\/ul>\n<h3><font style=\"vertical-align: inherit;\"><font style=\"vertical-align: inherit;\">Conf\u00e9rence #2 : ACE \u2013 une grammaire pour l&#8217;inclusion<\/font><\/font><\/h3>\n<ul>\n<li><font style=\"vertical-align: inherit;\"><font style=\"vertical-align: inherit;\">5 min \u2013 Le chef d&#8217;\u00e9quipe pr\u00e9sente l&#8217;auteur Dr Vanessa Barros, Am\u00e9lie Devaux et la masterclass.<\/font><\/font><\/li>\n<li><font style=\"vertical-align: inherit;\"><font style=\"vertical-align: inherit;\">50 min \u2013 Pr\u00e9sentation par les animateurs introduisant la richesse de la diversit\u00e9 et la n\u00e9cessit\u00e9 de l&#8217;inclusion pour profiter de son plein potentiel. <\/font><font style=\"vertical-align: inherit;\">Pr\u00e9sentation de la fa\u00e7on dont notre cerveau \u00ab&nbsp;narratif&nbsp;\u00bb est c\u00e2bl\u00e9 pour craindre tout ce qui est diff\u00e9rent et comment nous devons pratiquer notre cerveau \u00ab&nbsp;d&#8217;exp\u00e9rience&nbsp;\u00bb pour \u00e9viter les st\u00e9r\u00e9otypes, le jugement et les pr\u00e9jug\u00e9s. <\/font><font style=\"vertical-align: inherit;\">Si nous n&#8217;incluons pas d\u00e9lib\u00e9r\u00e9ment, nous excluons accidentellement. <\/font><font style=\"vertical-align: inherit;\">Introduction \u00e0 des outils simples et inclusifs pour g\u00e9rer harmonieusement la diversit\u00e9. <\/font><font style=\"vertical-align: inherit;\">Nous aimerions utiliser menti.com comme outil d&#8217;interaction.<\/font><\/font><\/li>\n<li><font style=\"vertical-align: inherit;\"><font style=\"vertical-align: inherit;\">30 min \u2013 Q&amp;A \u2013 Interaction avec les participants sur leurs exp\u00e9riences et leurs id\u00e9es.<\/font><\/font><\/li>\n<li><font style=\"vertical-align: inherit;\"><font style=\"vertical-align: inherit;\">5 min \u2013 Remarques de cl\u00f4ture du chef d&#8217;\u00e9quipe.<\/font><\/font><\/li>\n<\/ul>\n<h3><font style=\"vertical-align: inherit;\"><font style=\"vertical-align: inherit;\">Conf\u00e9rence #3 : Inclusion for Innovation (avec le groupe de r\u00e9flexion Includers)<\/font><\/font><\/h3>\n<ul>\n<li><font style=\"vertical-align: inherit;\"><font style=\"vertical-align: inherit;\">5 min &#8211; Le chef d&#8217;\u00e9quipe pr\u00e9sente l&#8217;auteur Dr Vanessa Barros, Includers et la masterclass.<\/font><\/font><\/li>\n<li><font style=\"vertical-align: inherit;\"><font style=\"vertical-align: inherit;\">50 min &#8211; Pr\u00e9sentation du Dr Vanessa Barros avec les experts seniors en innovation d&#8217;Includers, proposant des strat\u00e9gies pratiques pour lib\u00e9rer l&#8217;innovation et transformer l&#8217;id\u00e9ation en cr\u00e9ation de VALEUR. <\/font><font style=\"vertical-align: inherit;\">Au-del\u00e0 de la technologie, l&#8217;innovation concerne les personnes et leurs interactions sociales. <\/font><font style=\"vertical-align: inherit;\">Nous fournissons des conseils pour garantir que l&#8217;inclusion fait partie de toutes les \u00e9tapes du processus d&#8217;innovation (connaissance, id\u00e9ation et conversion) afin de lib\u00e9rer tout son potentiel de valeur.<\/font><\/font><\/li>\n<li><font style=\"vertical-align: inherit;\"><font style=\"vertical-align: inherit;\">30 min \u2013 Interaction avec les participants sur leurs exp\u00e9riences et leurs id\u00e9es.<\/font><\/font><\/li>\n<li><font style=\"vertical-align: inherit;\"><font style=\"vertical-align: inherit;\">5 min \u2013 Remarques de cl\u00f4ture du chef d&#8217;\u00e9quipe.<\/font><\/font><\/li>\n<\/ul>\n<h3><font style=\"vertical-align: inherit;\"><font style=\"vertical-align: inherit;\">Proposition financi\u00e8re<\/font><\/font><\/h3>\n<p><font style=\"vertical-align: inherit;\"><font style=\"vertical-align: inherit;\">Pour recevoir notre proposition compl\u00e8te, veuillez prendre quelques instants pour remplir le formulaire ci-dessous. <\/font><font style=\"vertical-align: inherit;\">Vous le recevrez imm\u00e9diatement par e-mail<br \/>\n<\/font><\/font><\/p>\n<\/div>\n<p>[\/et_pb_text][\/et_pb_column][\/et_pb_row][\/et_pb_section][et_pb_section fb_built=&#8221;1&#8243; admin_label=&#8221;CTA Section&#8221; _builder_version=&#8221;4.19.5&#8243; background_enable_color=&#8221;off&#8221; custom_padding=&#8221;22px||40px||false|false&#8221; global_colors_info=&#8221;{}&#8221;][et_pb_row _builder_version=&#8221;4.19.5&#8243; _module_preset=&#8221;default&#8221; global_colors_info=&#8221;{}&#8221;][et_pb_column type=&#8221;4_4&#8243; _builder_version=&#8221;4.19.5&#8243; _module_preset=&#8221;default&#8221; global_colors_info=&#8221;{}&#8221;][et_pb_code _builder_version=&#8221;4.19.5&#8243; _module_preset=&#8221;default&#8221; animation_style=&#8221;zoom&#8221; global_colors_info=&#8221;{}&#8221;]\n<div class=\"wpcf7 no-js\" id=\"wpcf7-f548-o1\" lang=\"en-US\" dir=\"ltr\" data-wpcf7-id=\"548\">\n<div class=\"screen-reader-response\"><p role=\"status\" aria-live=\"polite\" aria-atomic=\"true\"><\/p> <ul><\/ul><\/div>\n<form action=\"\/fr\/wp-json\/wp\/v2\/pages\/599#wpcf7-f548-o1\" method=\"post\" class=\"wpcf7-form init\" aria-label=\"Contact form\" novalidate=\"novalidate\" data-status=\"init\">\n<div style=\"display: none;\">\n<input type=\"hidden\" name=\"_wpcf7\" value=\"548\" \/>\n<input type=\"hidden\" name=\"_wpcf7_version\" value=\"6.0.6\" \/>\n<input type=\"hidden\" name=\"_wpcf7_locale\" value=\"en_US\" \/>\n<input type=\"hidden\" name=\"_wpcf7_unit_tag\" value=\"wpcf7-f548-o1\" \/>\n<input type=\"hidden\" name=\"_wpcf7_container_post\" value=\"0\" \/>\n<input type=\"hidden\" name=\"_wpcf7_posted_data_hash\" value=\"\" \/>\n<\/div>\n<div class=\"navi_contpage\">\n\t<p><span class=\"wpcf7-form-control-wrap\" data-name=\"email-315\"><input size=\"40\" maxlength=\"400\" class=\"wpcf7-form-control wpcf7-email wpcf7-validates-as-required wpcf7-text wpcf7-validates-as-email\" aria-required=\"true\" aria-invalid=\"false\" placeholder=\"Email*\" value=\"\" type=\"email\" name=\"email-315\" \/><\/span>\n\t<\/p>\n\t<p><span class=\"wpcf7-form-control-wrap\" data-name=\"text-132\"><input size=\"40\" maxlength=\"400\" class=\"wpcf7-form-control wpcf7-text wpcf7-validates-as-required\" aria-required=\"true\" aria-invalid=\"false\" placeholder=\"First Name*\" value=\"\" type=\"text\" name=\"text-132\" \/><\/span>\n\t<\/p>\n\t<p><span class=\"wpcf7-form-control-wrap\" data-name=\"text-875\"><input size=\"40\" maxlength=\"400\" class=\"wpcf7-form-control wpcf7-text wpcf7-validates-as-required\" aria-required=\"true\" aria-invalid=\"false\" placeholder=\"Last Name*\" value=\"\" type=\"text\" name=\"text-875\" \/><\/span>\n\t<\/p>\n\t<p><span class=\"wpcf7-form-control-wrap\" data-name=\"text-714\"><input size=\"40\" maxlength=\"400\" class=\"wpcf7-form-control wpcf7-text wpcf7-validates-as-required\" aria-required=\"true\" aria-invalid=\"false\" placeholder=\"Company Name*\" value=\"\" type=\"text\" name=\"text-714\" \/><\/span>\n\t<\/p>\n\t<p><input class=\"wpcf7-form-control wpcf7-submit has-spinner\" type=\"submit\" value=\"SUBMIT\" \/>\n\t<\/p>\n<\/div><div class=\"wpcf7-response-output\" aria-hidden=\"true\"><\/div>\n<\/form>\n<\/div>\n[\/et_pb_code][\/et_pb_column][\/et_pb_row][\/et_pb_section]<\/p>\n","protected":false},"excerpt":{"rendered":"<p>LEADERSHIP PENS\u00c9 : MASTERCLASS ET CONF\u00c9RENCES &#038;ZeroWidthSpace;Objectifs Trois conf\u00e9rences interactives de 90 minutes anim\u00e9es par Vanessa Barros en collaboration avec des conf\u00e9renciers experts. Les objectifs de ces conf\u00e9rences sont de sensibiliser les participants aux avantages de la diversit\u00e9 et de l&#8217;inclusion et de les aider \u00e0 remettre en question et \u00e0 \u00e9tendre leur impact concret [&hellip;]<\/p>\n","protected":false},"author":1,"featured_media":0,"parent":0,"menu_order":0,"comment_status":"closed","ping_status":"closed","template":"","meta":{"_et_pb_use_builder":"on","_et_pb_old_content":"<!-- wp:divi\/placeholder \/-->","_et_gb_content_width":"","footnotes":""},"class_list":["post-599","page","type-page","status-publish","hentry"],"_links":{"self":[{"href":"https:\/\/www.leadershipcq.com\/fr\/wp-json\/wp\/v2\/pages\/599","targetHints":{"allow":["GET"]}}],"collection":[{"href":"https:\/\/www.leadershipcq.com\/fr\/wp-json\/wp\/v2\/pages"}],"about":[{"href":"https:\/\/www.leadershipcq.com\/fr\/wp-json\/wp\/v2\/types\/page"}],"author":[{"embeddable":true,"href":"https:\/\/www.leadershipcq.com\/fr\/wp-json\/wp\/v2\/users\/1"}],"replies":[{"embeddable":true,"href":"https:\/\/www.leadershipcq.com\/fr\/wp-json\/wp\/v2\/comments?post=599"}],"version-history":[{"count":9,"href":"https:\/\/www.leadershipcq.com\/fr\/wp-json\/wp\/v2\/pages\/599\/revisions"}],"predecessor-version":[{"id":1464,"href":"https:\/\/www.leadershipcq.com\/fr\/wp-json\/wp\/v2\/pages\/599\/revisions\/1464"}],"wp:attachment":[{"href":"https:\/\/www.leadershipcq.com\/fr\/wp-json\/wp\/v2\/media?parent=599"}],"curies":[{"name":"wp","href":"https:\/\/api.w.org\/{rel}","templated":true}]}}